{"id":1394,"date":"2019-11-15T23:37:56","date_gmt":"2019-11-15T23:37:56","guid":{"rendered":"https:\/\/fvmartin.net\/?page_id=1394"},"modified":"2024-04-20T20:25:58","modified_gmt":"2024-04-20T20:25:58","slug":"form","status":"publish","type":"page","link":"https:\/\/fvmartin.net\/?page_id=1394","title":{"rendered":"Escuela de Liderazgo y Desarrollo de Colaboradores"},"content":{"rendered":"\n<div class=\"wp-block-image\"><figure class=\"aligncenter size-large\"><img loading=\"lazy\" decoding=\"async\" width=\"1024\" height=\"550\" src=\"https:\/\/fvmartin.net\/wp-content\/uploads\/2022\/02\/helecho-1-1024x550.jpg\" alt=\"\" class=\"wp-image-1948\" srcset=\"https:\/\/fvmartin.net\/wp-content\/uploads\/2022\/02\/helecho-1-1024x550.jpg 1024w, https:\/\/fvmartin.net\/wp-content\/uploads\/2022\/02\/helecho-1-300x161.jpg 300w, https:\/\/fvmartin.net\/wp-content\/uploads\/2022\/02\/helecho-1-768x413.jpg 768w, https:\/\/fvmartin.net\/wp-content\/uploads\/2022\/02\/helecho-1-1536x825.jpg 1536w, https:\/\/fvmartin.net\/wp-content\/uploads\/2022\/02\/helecho-1-2048x1100.jpg 2048w\" sizes=\"auto, (max-width: 1024px) 100vw, 1024px\" \/><\/figure><\/div>\n\n\n<p><\/p>\n<p><span style=\"font-size: 18pt; font-family: arial, helvetica, sans-serif;\"><span style=\"color: #333333;\">Nuestra&nbsp;<\/span><strong><span style=\"color: #008000;\">MISI\u00d3N<\/span>&nbsp;<\/strong><span style=\"color: #333333;\">es facilitar las pautas propuestas por los mejores expertos en Comportamiento Organizacional, para desarrollar la&nbsp;<\/span><strong><span style=\"color: #008000;\">COMPETITIVIDAD EMPRESARIAL<\/span><\/strong><span style=\"color: #333333;\"><strong>&nbsp;<\/strong>y el<\/span>&nbsp;<span style=\"color: #008000;\"><strong>BIE<span style=\"color: #008000;\">NES<\/span>TAR PERSONAL, <\/strong><\/span><span style=\"color: #333333;\">integrando objetivos individuales y organizativos a trav\u00e9s de la evaluaci\u00f3n y desarrollo del<strong>&nbsp;<\/strong><\/span><span style=\"color: #008000;\"><strong>TALENTO.<\/strong><\/span><\/span><\/p>\n<p><\/p>\n<p><span style=\"font-family: arial, helvetica, sans-serif; font-size: 18pt; color: #333333;\">Para el dise\u00f1o de proyectos formativos la empresa-cliente contacta con un solo interlocutor, un <strong><span style=\"color: #008033;\">GERENTE-C<\/span><span style=\"color: #008033;\">ONSULTOR<\/span><\/strong> especializado, que <strong>dise\u00f1a e imparte<\/strong> las acciones a medida de las necesidades establecidas; sin el ruido que se genera con la interposici\u00f3n de comerciales, t\u00e9cnicos o gestores.<\/span><\/p>\n<p><\/p>\n<p><span style=\"font-family: arial, helvetica, sans-serif; font-size: 18pt; color: #333333;\">Somos una <strong><span style=\"color: #008000;\">ESCUELA DE LIDERAZGO <\/span><\/strong><span style=\"color: #008000;\"><span style=\"color: #333333;\">para managers y<\/span><\/span> <strong><span style=\"color: #008000;\">DESARROLLO <\/span><\/strong>para los integrantes de su equipo, que ha estructurado las investigaciones de las mejores universidades en directrices de conducta profesional.<\/span><\/p>\n<p><\/p>\n<p><span style=\"font-family: arial, helvetica, sans-serif; font-size: 18pt; color: #333333;\">Por un lado, tenemos <span style=\"color: #008033;\"><strong>5&nbsp;JORNADAS FORMATIVAS<\/strong><\/span> a distribuir en el tiempo porque est\u00e1n interrelacionadas pero son independientes. Nuestras din\u00e1micas son pr\u00e1cticas y participativas, con lenguaje de empresa para grupos presenciales de 10 a 15 personas.<\/span><\/p>\n<p><\/p>\n\n\n<div class=\"wp-block-image\"><figure class=\"aligncenter size-large is-resized\"><img loading=\"lazy\" decoding=\"async\" src=\"https:\/\/fvmartin.net\/wp-content\/uploads\/2020\/02\/LOGO-ESCUELA-cl-1024x172.jpg\" alt=\"\" class=\"wp-image-1615\" width=\"395\" height=\"67\" srcset=\"https:\/\/fvmartin.net\/wp-content\/uploads\/2020\/02\/LOGO-ESCUELA-cl-1024x172.jpg 1024w, https:\/\/fvmartin.net\/wp-content\/uploads\/2020\/02\/LOGO-ESCUELA-cl-300x50.jpg 300w, https:\/\/fvmartin.net\/wp-content\/uploads\/2020\/02\/LOGO-ESCUELA-cl-768x129.jpg 768w, https:\/\/fvmartin.net\/wp-content\/uploads\/2020\/02\/LOGO-ESCUELA-cl-1536x258.jpg 1536w, https:\/\/fvmartin.net\/wp-content\/uploads\/2020\/02\/LOGO-ESCUELA-cl-2048x344.jpg 2048w\" sizes=\"auto, (max-width: 395px) 100vw, 395px\" \/><figcaption><br><\/figcaption><\/figure><\/div>\n\n\n\n<div class=\"wp-block-image\"><figure class=\"aligncenter size-large is-resized\"><img loading=\"lazy\" decoding=\"async\" src=\"https:\/\/fvmartin.net\/wp-content\/uploads\/2022\/02\/escuela-1024x338.jpg\" alt=\"\" class=\"wp-image-1886\" width=\"999\" height=\"329\" srcset=\"https:\/\/fvmartin.net\/wp-content\/uploads\/2022\/02\/escuela-1024x338.jpg 1024w, https:\/\/fvmartin.net\/wp-content\/uploads\/2022\/02\/escuela-300x99.jpg 300w, https:\/\/fvmartin.net\/wp-content\/uploads\/2022\/02\/escuela-768x253.jpg 768w, https:\/\/fvmartin.net\/wp-content\/uploads\/2022\/02\/escuela-1536x507.jpg 1536w, https:\/\/fvmartin.net\/wp-content\/uploads\/2022\/02\/escuela.jpg 1792w\" sizes=\"auto, (max-width: 999px) 100vw, 999px\" \/><\/figure><\/div>\n\n\n\n<div class=\"wp-block-image\"><figure class=\"aligncenter size-large is-resized\"><img loading=\"lazy\" decoding=\"async\" src=\"https:\/\/fvmartin.net\/wp-content\/uploads\/2019\/12\/cursos-1.jpg\" alt=\"\" class=\"wp-image-1465\" width=\"506\" height=\"363\" srcset=\"https:\/\/fvmartin.net\/wp-content\/uploads\/2019\/12\/cursos-1.jpg 812w, https:\/\/fvmartin.net\/wp-content\/uploads\/2019\/12\/cursos-1-300x215.jpg 300w, https:\/\/fvmartin.net\/wp-content\/uploads\/2019\/12\/cursos-1-768x551.jpg 768w\" sizes=\"auto, (max-width: 506px) 100vw, 506px\" \/><\/figure><\/div>\n\n\n<p><span style=\"font-size: 18pt; font-family: arial, helvetica, sans-serif;\"><span style=\"color: #333333;\"><span style=\"font-size: 18pt; font-family: 'arial black', 'avant garde';\"><span style=\"font-family: arial, helvetica, sans-serif; color: #333333;\">Por otro lado, dise\u00f1amos e impartimos otras acciones formativas, tambi\u00e9n presenciales y a medida, para mandos y el resto de profesionales de la empresa: <\/span><strong><span style=\"color: #008000;\">Gesti\u00f3n del Estr\u00e9s y Bienestar, Feedback de Desempe\u00f1o, Oratoria y Presentaciones, Trabajo en Equipo, Ventas, Atenci\u00f3n al Cliente<\/span><\/strong><span style=\"color: #333333; font-family: arial, helvetica, sans-serif;\">, etc.<\/span><\/span><\/span><\/span><\/p>\n<p><\/p>\n<p><span style=\"color: #008000; font-size: 18pt; font-family: arial, helvetica, sans-serif;\"><span style=\"color: #000000;\">Todo ello lo hemos impartido durante 16 a\u00f1os en el grado LADE de la Facultad de Empresariales de la Universidad de Deusto, adem\u00e1s de formar a miles de managers y profesionales de empresas de todo tipo durante m\u00e1s de 25 a\u00f1os.<\/span>&nbsp;<\/span><\/p>\n<p><\/p>\n<p><span style=\"font-size: 18pt; font-family: arial, helvetica, sans-serif;\"><strong><span style=\"color: #008000;\">BENEFICIOS&nbsp;<\/span><\/strong><span style=\"color: #333333;\">de este enfoque:<\/span><\/span><\/p>\n<ul>\n<li>\n<p><span style=\"font-size: 18pt; font-family: arial, helvetica, sans-serif; color: #333333;\">Aporta herramientas y lenguaje com\u00fan sobre productividad y bienestar en la organizaci\u00f3n.<\/span><\/p>\n<\/li>\n<li>\n<p><span style=\"font-size: 18pt; font-family: arial, helvetica, sans-serif; color: #333333;\">Crea cultura de gesti\u00f3n, evitando la b\u00fasqueda ansiosa, precipitada y desconectada de formaciones de \u00faltima hora, con escaso o nulo respaldo cient\u00edfico.<\/span><\/p>\n<\/li>\n<li>\n<p><span style=\"font-size: 18pt; font-family: arial, helvetica, sans-serif; color: #333333;\">Permite distribuir las acciones en una planificaci\u00f3n formativa muy coherente y coordinada, porque el desarrollo directivo es una planta de crecimiento lento a sostener en el tiempo.<\/span><\/p>\n<\/li>\n<\/ul>\n<p><span style=\"font-size: 18pt; font-family: arial, helvetica, sans-serif;\"><span style=\"color: #333333;\">Aspiramos a ser un impacto<\/span>&nbsp;<span style=\"color: #008000;\"><strong>POSITIVO, INTENSO, <span style=\"color: #008000;\">PROFUNDO<\/span> y DURADERO<\/strong><\/span>&nbsp;<span style=\"color: #333333;\">en el camino de l\u00edderes y colaboradores, y en muchos casos lo conseguimos como indican los datos de <\/span><\/span><span style=\"color: #008000; font-size: 18pt; font-family: arial, helvetica, sans-serif;\"><strong>SATISFACCI\u00d3N PERCIBIDA<\/strong> <span style=\"color: #333333;\">en las acciones formativas impartidas por Efr\u00e9n Mart\u00edn:<\/span><\/span><\/p>\n\n\n<figure class=\"wp-block-gallery columns-1 is-cropped wp-block-gallery-1 is-layout-flex wp-block-gallery-is-layout-flex\"><ul class=\"blocks-gallery-grid\"><li class=\"blocks-gallery-item\"><figure><img loading=\"lazy\" decoding=\"async\" width=\"896\" height=\"420\" src=\"https:\/\/fvmartin.net\/wp-content\/uploads\/2024\/04\/cebek.jpg\" alt=\"\" data-id=\"2313\" data-full-url=\"https:\/\/fvmartin.net\/wp-content\/uploads\/2024\/04\/cebek.jpg\" data-link=\"https:\/\/fvmartin.net\/?attachment_id=2313\" class=\"wp-image-2313\" srcset=\"https:\/\/fvmartin.net\/wp-content\/uploads\/2024\/04\/cebek.jpg 896w, https:\/\/fvmartin.net\/wp-content\/uploads\/2024\/04\/cebek-300x141.jpg 300w, https:\/\/fvmartin.net\/wp-content\/uploads\/2024\/04\/cebek-768x360.jpg 768w\" sizes=\"auto, (max-width: 896px) 100vw, 896px\" \/><\/figure><\/li><\/ul><\/figure>\n\n\n\n<figure class=\"wp-block-image size-large is-resized\"><img loading=\"lazy\" decoding=\"async\" src=\"https:\/\/fvmartin.net\/wp-content\/uploads\/2020\/01\/VALORACION-EUSKALIT-1.jpg\" alt=\"\" class=\"wp-image-1586\" width=\"855\" height=\"351\" srcset=\"https:\/\/fvmartin.net\/wp-content\/uploads\/2020\/01\/VALORACION-EUSKALIT-1.jpg 970w, https:\/\/fvmartin.net\/wp-content\/uploads\/2020\/01\/VALORACION-EUSKALIT-1-300x123.jpg 300w, https:\/\/fvmartin.net\/wp-content\/uploads\/2020\/01\/VALORACION-EUSKALIT-1-768x316.jpg 768w\" sizes=\"auto, (max-width: 855px) 100vw, 855px\" \/><figcaption><br><\/figcaption><\/figure>\n\n\n\n<figure class=\"wp-block-image size-large is-resized\"><img loading=\"lazy\" decoding=\"async\" src=\"https:\/\/fvmartin.net\/wp-content\/uploads\/2023\/04\/formetal-1024x588.jpg\" alt=\"\" class=\"wp-image-2226\" width=\"853\" height=\"490\" srcset=\"https:\/\/fvmartin.net\/wp-content\/uploads\/2023\/04\/formetal-1024x588.jpg 1024w, https:\/\/fvmartin.net\/wp-content\/uploads\/2023\/04\/formetal-300x172.jpg 300w, https:\/\/fvmartin.net\/wp-content\/uploads\/2023\/04\/formetal-768x441.jpg 768w, https:\/\/fvmartin.net\/wp-content\/uploads\/2023\/04\/formetal.jpg 1288w\" sizes=\"auto, (max-width: 853px) 100vw, 853px\" \/><\/figure>\n\n\n\n<figure class=\"wp-block-image size-large is-resized\"><img loading=\"lazy\" decoding=\"async\" src=\"https:\/\/fvmartin.net\/wp-content\/uploads\/2022\/02\/mba-gecem.jpg\" alt=\"\" class=\"wp-image-2038\" width=\"290\" height=\"148\" srcset=\"https:\/\/fvmartin.net\/wp-content\/uploads\/2022\/02\/mba-gecem.jpg 800w, https:\/\/fvmartin.net\/wp-content\/uploads\/2022\/02\/mba-gecem-300x153.jpg 300w, https:\/\/fvmartin.net\/wp-content\/uploads\/2022\/02\/mba-gecem-768x393.jpg 768w\" sizes=\"auto, (max-width: 290px) 100vw, 290px\" \/><\/figure>\n\n\n<p><span style=\"font-family: arial, helvetica, sans-serif; color: #333333; font-size: 14pt;\">VALORACIONES DE LOS ALUMNOS<\/span><\/p>\n<ul>\n<li><span style=\"font-family: arial, helvetica, sans-serif; color: #333333; font-size: 14pt;\">Brillante y muy \u00fatil. Especialmente las \u00faltimas ponencias.<\/span><\/li>\n<li><span style=\"font-family: arial, helvetica, sans-serif; color: #333333; font-size: 14pt;\">Es un gran comunicador. Las aportaciones que hace en las ponencias son muy especiales, dif\u00edciles de encontrar en bibliograf\u00eda o internet.<\/span><\/li>\n<li><span style=\"font-family: arial, helvetica, sans-serif; color: #333333; font-size: 14pt;\">Se nota que es un gran orador, hace que el p\u00fablico est\u00e9 atento en toda su ponencia con la modulaci\u00f3n de su voz\u2026<\/span><\/li>\n<li><span style=\"font-family: arial, helvetica, sans-serif; color: #333333; font-size: 14pt;\">El tono, formato y capacidad de transmitir.<\/span><\/li>\n<li><span style=\"font-family: arial, helvetica, sans-serif; color: #333333; font-size: 14pt;\">Gran comunicador. Es&nbsp;capaz&nbsp;de explicar de forma sencilla conceptos abstractos del ser humano. Sobre todo, no se me olvidar\u00e1 la analog\u00eda que hizo entre lo que deber\u00eda ser motivar con cuidar una planta.<\/span><\/li>\n<li><span style=\"font-family: arial, helvetica, sans-serif; color: #333333; font-size: 14pt;\">El ponente es excepcional. Ameno, inteligente, con conocimiento del tema, experiencia, un lujo volver a tenerlo como ponente. Y el tema muy bien abordado, generaba reflexiones importantes en nosotros. La parte sobre los tipos de justicias que cada uno se siente o interpreta me gust\u00f3 mucho. Y el material muy creativo y visual y los v\u00eddeos muy oportunos para los temas abordados. Efr\u00e9n es un crack en lo suyo. Mi enhorabuena por su trabajo. \u00a1Un EXCELENTE fin de m\u00e1ster!<\/span><\/li>\n<li><span style=\"font-family: arial, helvetica, sans-serif; color: #333333; font-size: 14pt;\">Considero que su forma de comunicaci\u00f3n y su actitud favorecen un ambiente de reflexi\u00f3n individual y profundizar en aquellos aspectos que generalmente nos motivan a conseguir objetivos o actuar de cierta forma. Creo que es una buena elecci\u00f3n el dejar esta ponencia para la \u00faltima sesi\u00f3n del master. Me ha gustado mucho el video que nos ha puesto al final de la ponencia.<\/span><\/li>\n<li><span style=\"font-family: arial, helvetica, sans-serif; color: #333333; font-size: 14pt;\">Su exposici\u00f3n es de calidad.<\/span><\/li>\n<li><span style=\"font-family: arial, helvetica, sans-serif; color: #333333; font-size: 14pt;\">Muy buen comunicador. Transmiti\u00f3 las ideas con ejemplos pr\u00e1cticos.<\/span><\/li>\n<li><span style=\"font-family: arial, helvetica, sans-serif; color: #333333; font-size: 14pt;\">Efr\u00e9n, como gran&nbsp;comunicador&nbsp;y gran psic\u00f3logo, tuvo que hacer grandes esfuerzos para mantenernos atentos y enganchados ese \u00faltimo d\u00eda de clase. D\u00eda en el que ya nos sent\u00edamos un poco cansados despu\u00e9s de entregar el trabajo. Como ponente es muy bueno, capaz de gastar much\u00edsima energ\u00eda con tal de que no se le vaya la clase.<\/span><\/li>\n<li><span style=\"font-family: arial, helvetica, sans-serif; color: #333333; font-size: 14pt;\">Efr\u00e9n Mart\u00edn es una persona que no deja indiferente a nadie. Posee una larga e interesante carrera profesional, y su calidad humana est\u00e1 fuera de toda duda.<\/span><\/li>\n<li><span style=\"font-family: arial, helvetica, sans-serif; color: #333333; font-size: 14pt;\">Dominio absoluto de la comunicaci\u00f3n, capacidad para mantener al alumnado enganchado a la ponencia.<\/span><\/li>\n<li><span style=\"font-family: arial, helvetica, sans-serif; color: #333333; font-size: 14pt;\">Buen comunicador. Tiene experiencia&nbsp;en&nbsp;formaci\u00f3n&nbsp;y&nbsp;ha sabido&nbsp;captar la atenci\u00f3n del alumno. Tiene experiencia en empresa privada.<\/span><\/li>\n<li><span style=\"font-family: arial, helvetica, sans-serif; color: #333333; font-size: 14pt;\">Una persona muy interesante en muchos aspectos y con una gran capacidad de compartir conocimiento.&nbsp; M\u00e1s que un aprendizaje&nbsp;puntual de RRHH transmite herramientas&nbsp;&nbsp; de&nbsp;&nbsp; mejora&nbsp;&nbsp; continua&nbsp;&nbsp; personal&nbsp;&nbsp; y&nbsp;&nbsp; comparte&nbsp;&nbsp; una bibliograf\u00eda y bagaje personal muy interesante.<\/span><\/li>\n<li><span style=\"font-family: arial, helvetica, sans-serif; color: #333333; font-size: 14pt;\">Es un ponente profesional, controla los tiempos y la atenci\u00f3n de la clase perfectamente.<\/span><\/li>\n<\/ul>","protected":false},"excerpt":{"rendered":"<p>Nuestra&nbsp;MISI\u00d3N&nbsp;es facilitar las pautas propuestas por los mejores expertos en Comportamiento Organizacional, para desarrollar la&nbsp;COMPETITIVIDAD EMPRESARIAL&nbsp;y el&nbsp;BIENESTAR PERSONAL, integrando objetivos individuales y organizativos a trav\u00e9s de la evaluaci\u00f3n y desarrollo del&nbsp;TALENTO. Para el dise\u00f1o de proyectos formativos la empresa-cliente contacta con un solo interlocutor, un GERENTE-CONSULTOR especializado, que dise\u00f1a e imparte las acciones a medida [&hellip;]<\/p>\n","protected":false},"author":1,"featured_media":0,"parent":0,"menu_order":0,"comment_status":"closed","ping_status":"closed","template":"","meta":{"_bbp_topic_count":0,"_bbp_reply_count":0,"_bbp_total_topic_count":0,"_bbp_total_reply_count":0,"_bbp_voice_count":0,"_bbp_anonymous_reply_count":0,"_bbp_topic_count_hidden":0,"_bbp_reply_count_hidden":0,"_bbp_forum_subforum_count":0,"footnotes":""},"class_list":["post-1394","page","type-page","status-publish","hentry"],"uagb_featured_image_src":{"full":false,"thumbnail":false,"medium":false,"medium_large":false,"large":false,"1536x1536":false,"2048x2048":false},"uagb_author_info":{"display_name":"Efren","author_link":"https:\/\/fvmartin.net\/?author=1"},"uagb_comment_info":0,"uagb_excerpt":"Nuestra&nbsp;MISI\u00d3N&nbsp;es facilitar las pautas propuestas por los mejores expertos en Comportamiento Organizacional, para desarrollar la&nbsp;COMPETITIVIDAD EMPRESARIAL&nbsp;y el&nbsp;BIENESTAR PERSONAL, integrando objetivos individuales y organizativos a trav\u00e9s de la evaluaci\u00f3n y desarrollo del&nbsp;TALENTO. Para el dise\u00f1o de proyectos formativos la empresa-cliente contacta con un solo interlocutor, un GERENTE-CONSULTOR especializado, que dise\u00f1a e imparte las acciones a medida&hellip;","yoast_head":"<!-- This site is optimized with the Yoast SEO plugin v14.6.1 - https:\/\/yoast.com\/wordpress\/plugins\/seo\/ -->\n<title>Escuela de Liderazgo y Desarrollo de Colaboradores &bull; FVMartin<\/title>\n<meta name=\"robots\" content=\"index, follow\" \/>\n<meta name=\"googlebot\" content=\"index, follow, max-snippet:-1, max-image-preview:large, max-video-preview:-1\" \/>\n<meta name=\"bingbot\" content=\"index, follow, max-snippet:-1, max-image-preview:large, max-video-preview:-1\" \/>\n<link rel=\"canonical\" href=\"https:\/\/fvmartin.net\/?page_id=1394\" \/>\n<meta property=\"og:locale\" content=\"es_ES\" \/>\n<meta property=\"og:type\" content=\"article\" \/>\n<meta property=\"og:title\" content=\"Escuela de Liderazgo y Desarrollo de Colaboradores &bull; FVMartin\" \/>\n<meta property=\"og:description\" content=\"Nuestra&nbsp;MISI\u00d3N&nbsp;es facilitar las pautas propuestas por los mejores expertos en Comportamiento Organizacional, para desarrollar la&nbsp;COMPETITIVIDAD EMPRESARIAL&nbsp;y el&nbsp;BIENESTAR PERSONAL, integrando objetivos individuales y organizativos a trav\u00e9s de la evaluaci\u00f3n y desarrollo del&nbsp;TALENTO. Para el dise\u00f1o de proyectos formativos la empresa-cliente contacta con un solo interlocutor, un GERENTE-CONSULTOR especializado, que dise\u00f1a e imparte las acciones a medida [&hellip;]\" \/>\n<meta property=\"og:url\" content=\"https:\/\/fvmartin.net\/?page_id=1394\" \/>\n<meta property=\"og:site_name\" content=\"FVMartin\" \/>\n<meta property=\"article:publisher\" content=\"https:\/\/www.facebook.com\/fvm.consultoria\" \/>\n<meta property=\"article:modified_time\" content=\"2024-04-20T20:25:58+00:00\" \/>\n<meta property=\"og:image\" content=\"https:\/\/fvmartin.net\/wp-content\/uploads\/2022\/02\/helecho-1-1024x550.jpg\" \/>\n<meta name=\"twitter:card\" content=\"summary_large_image\" \/>\n<meta name=\"twitter:creator\" content=\"@EfrenMartinFVM\" \/>\n<meta name=\"twitter:site\" content=\"@EfrenMartinFVM\" \/>\n<script type=\"application\/ld+json\" class=\"yoast-schema-graph\">{\"@context\":\"https:\/\/schema.org\",\"@graph\":[{\"@type\":\"Organization\",\"@id\":\"https:\/\/fvmartin.net\/#organization\",\"name\":\"FVMart\\u00edn\",\"url\":\"https:\/\/fvmartin.net\/\",\"sameAs\":[\"https:\/\/www.facebook.com\/fvm.consultoria\",\"https:\/\/www.linkedin.com\/in\/efrenmartin\/\",\"https:\/\/www.youtube.com\/user\/FVMartinasoc\",\"https:\/\/twitter.com\/EfrenMartinFVM\"],\"logo\":{\"@type\":\"ImageObject\",\"@id\":\"https:\/\/fvmartin.net\/#logo\",\"inLanguage\":\"es\",\"url\":\"https:\/\/fvmartin.net\/wp-content\/uploads\/2019\/07\/Favicon.jpg\",\"width\":827,\"height\":827,\"caption\":\"FVMart\\u00edn\"},\"image\":{\"@id\":\"https:\/\/fvmartin.net\/#logo\"}},{\"@type\":\"WebSite\",\"@id\":\"https:\/\/fvmartin.net\/#website\",\"url\":\"https:\/\/fvmartin.net\/\",\"name\":\"FVMartin\",\"description\":\"Selecci\\u00f3n Formaci\\u00f3n Consultor\\u00eda RR.HH.\",\"publisher\":{\"@id\":\"https:\/\/fvmartin.net\/#organization\"},\"potentialAction\":[{\"@type\":\"SearchAction\",\"target\":\"https:\/\/fvmartin.net\/?s={search_term_string}\",\"query-input\":\"required name=search_term_string\"}],\"inLanguage\":\"es\"},{\"@type\":\"ImageObject\",\"@id\":\"https:\/\/fvmartin.net\/?page_id=1394#primaryimage\",\"inLanguage\":\"es\",\"url\":\"https:\/\/fvmartin.net\/wp-content\/uploads\/2022\/02\/helecho-1.jpg\",\"width\":2500,\"height\":1343},{\"@type\":\"WebPage\",\"@id\":\"https:\/\/fvmartin.net\/?page_id=1394#webpage\",\"url\":\"https:\/\/fvmartin.net\/?page_id=1394\",\"name\":\"Escuela de Liderazgo y Desarrollo de Colaboradores &bull; FVMartin\",\"isPartOf\":{\"@id\":\"https:\/\/fvmartin.net\/#website\"},\"primaryImageOfPage\":{\"@id\":\"https:\/\/fvmartin.net\/?page_id=1394#primaryimage\"},\"datePublished\":\"2019-11-15T23:37:56+00:00\",\"dateModified\":\"2024-04-20T20:25:58+00:00\",\"inLanguage\":\"es\",\"potentialAction\":[{\"@type\":\"ReadAction\",\"target\":[\"https:\/\/fvmartin.net\/?page_id=1394\"]}]}]}<\/script>\n<!-- \/ Yoast SEO plugin. -->","_links":{"self":[{"href":"https:\/\/fvmartin.net\/index.php?rest_route=\/wp\/v2\/pages\/1394","targetHints":{"allow":["GET"]}}],"collection":[{"href":"https:\/\/fvmartin.net\/index.php?rest_route=\/wp\/v2\/pages"}],"about":[{"href":"https:\/\/fvmartin.net\/index.php?rest_route=\/wp\/v2\/types\/page"}],"author":[{"embeddable":true,"href":"https:\/\/fvmartin.net\/index.php?rest_route=\/wp\/v2\/users\/1"}],"replies":[{"embeddable":true,"href":"https:\/\/fvmartin.net\/index.php?rest_route=%2Fwp%2Fv2%2Fcomments&post=1394"}],"version-history":[{"count":77,"href":"https:\/\/fvmartin.net\/index.php?rest_route=\/wp\/v2\/pages\/1394\/revisions"}],"predecessor-version":[{"id":2315,"href":"https:\/\/fvmartin.net\/index.php?rest_route=\/wp\/v2\/pages\/1394\/revisions\/2315"}],"wp:attachment":[{"href":"https:\/\/fvmartin.net\/index.php?rest_route=%2Fwp%2Fv2%2Fmedia&parent=1394"}],"curies":[{"name":"wp","href":"https:\/\/api.w.org\/{rel}","templated":true}]}}